{"id":3,"date":"2024-04-03T13:08:22","date_gmt":"2024-04-03T13:08:22","guid":{"rendered":"http:\/\/wps.agencianuzzine.com\/?page_id=3"},"modified":"2024-05-15T19:42:23","modified_gmt":"2024-05-15T19:42:23","slug":"privacy-policy","status":"publish","type":"page","link":"https:\/\/wps.agencianuzzine.com\/?page_id=3","title":{"rendered":"Pol\u00edtica de Privacidade"},"content":{"rendered":"\t\t<div data-elementor-type=\"wp-page\" data-elementor-id=\"3\" class=\"elementor elementor-3\" data-elementor-post-type=\"page\">\r\n\t\t\t\t<div class=\"elementor-element elementor-element-807e0a8 e-flex e-con-boxed wpr-particle-no wpr-jarallax-no wpr-parallax-no wpr-sticky-section-no e-con e-parent\" data-id=\"807e0a8\" data-element_type=\"container\" data-core-v316-plus=\"true\">\r\n\t\t\t\t\t<div class=\"e-con-inner\">\r\n\t\t\t\t<div class=\"elementor-element elementor-element-4324a6e elementor-widget elementor-widget-heading\" data-id=\"4324a6e\" data-element_type=\"widget\" data-widget_type=\"heading.default\">\r\n\t\t\t\t<div class=\"elementor-widget-container\">\r\n\t\t\t<style>\/*! elementor - v3.20.0 - 26-03-2024 *\/\r\n.elementor-heading-title{padding:0;margin:0;line-height:1}.elementor-widget-heading .elementor-heading-title[class*=elementor-size-]>a{color:inherit;font-size:inherit;line-height:inherit}.elementor-widget-heading .elementor-heading-title.elementor-size-small{font-size:15px}.elementor-widget-heading .elementor-heading-title.elementor-size-medium{font-size:19px}.elementor-widget-heading .elementor-heading-title.elementor-size-large{font-size:29px}.elementor-widget-heading .elementor-heading-title.elementor-size-xl{font-size:39px}.elementor-widget-heading .elementor-heading-title.elementor-size-xxl{font-size:59px}<\/style><h2 class=\"elementor-heading-title elementor-size-default\">SE\u00c7\u00c3O 1 \u2013 INFORMA\u00c7\u00d5ES GERAIS<\/h2>\t\t<\/div>\r\n\t\t\t\t<\/div>\r\n\t\t\t\t\t<\/div>\r\n\t\t\t\t<\/div>\r\n\t\t<div class=\"elementor-element elementor-element-ac2d365 e-flex e-con-boxed wpr-particle-no wpr-jarallax-no wpr-parallax-no wpr-sticky-section-no e-con e-parent\" data-id=\"ac2d365\" data-element_type=\"container\" data-core-v316-plus=\"true\">\r\n\t\t\t\t\t<div class=\"e-con-inner\">\r\n\t\t\t\t<div class=\"elementor-element elementor-element-f61e25b elementor-widget elementor-widget-text-editor\" data-id=\"f61e25b\" data-element_type=\"widget\" data-widget_type=\"text-editor.default\">\r\n\t\t\t\t<div class=\"elementor-widget-container\">\r\n\t\t\t<style>\/*! elementor - v3.20.0 - 26-03-2024 *\/\r\n.elementor-widget-text-editor.elementor-drop-cap-view-stacked .elementor-drop-cap{background-color:#69727d;color:#fff}.elementor-widget-text-editor.elementor-drop-cap-view-framed .elementor-drop-cap{color:#69727d;border:3px solid;background-color:transparent}.elementor-widget-text-editor:not(.elementor-drop-cap-view-default) .elementor-drop-cap{margin-top:8px}.elementor-widget-text-editor:not(.elementor-drop-cap-view-default) .elementor-drop-cap-letter{width:1em;height:1em}.elementor-widget-text-editor .elementor-drop-cap{float:left;text-align:center;line-height:1;font-size:50px}.elementor-widget-text-editor .elementor-drop-cap-letter{display:inline-block}<\/style>\t\t\t\t<p><span style=\"font-weight: 400;\">Esta Pol\u00edtica de Privacidade aplica-se a todos os usu\u00e1rios e visitantes dos sites <\/span><span style=\"font-weight: 400;\">htts:\/\/wps.digital<\/span><span style=\"font-weight: 400;\">. <\/span><b>A WPS SOLUCOES EM INFORM\u00c1TICA LTDA,<\/b><span style=\"font-weight: 400;\"> encontra-se devidamente inscrita no CNPJ 03.678.633\/0001-41, situada na Rua Marechal Floriano Peixoto, n\u00ba 100, Bairro Jardim Amanda II, Hortol\u00e2ndia\/SP, Cep 13188-132, doravante denominada WPS DIGITAL, a controladora.<\/span><\/p><p><span style=\"font-weight: 400;\">A presente Pol\u00edtica de Privacidade apresenta informa\u00e7\u00f5es sobre a Coleta, Finalidade, Consentimento, Armazenamento, Tratamento e Prote\u00e7\u00e3o dos Dados Pessoais que a WPS DIGITAL utiliza em suas atividades.<\/span><\/p><p><span style=\"font-weight: 400;\">Essa pol\u00edtica tem finalidade de demonstrar nossa transpar\u00eancia quanto ao assunto e esclarecer a todos interessados sobre os tipos de dados que s\u00e3o coletados, os motivos da coleta e a forma como os usu\u00e1rios podem gerenciar ou solicitar que seus dados pessoais possam ser devolvidos ou exclu\u00eddos.<\/span><\/p><p><span style=\"font-weight: 400;\">O presente documento foi elaborado em conformidade com a Lei Geral de Prote\u00e7\u00e3o de Dados Pessoais (Lei 13.709\/18), o Marco Civil da Internet (Lei 12.965\/14) (e o Regulamento da UE n\u00ba. 2016\/6790). A presente pol\u00edtica poder\u00e1 ser atualizada em decorr\u00eancia de eventual atualiza\u00e7\u00e3o normativa ou nos processos da controladora dos sites <\/span><a href=\"https:\/\/wps.digital\/\"><span style=\"font-weight: 400;\">https:\/\/wps.digital\/<\/span><\/a><span style=\"font-weight: 400;\">, raz\u00e3o pela qual se convida o usu\u00e1rio a consultar periodicamente nossas pol\u00edticas e suas consequentes revis\u00f5es.<\/span><\/p>\t\t\t\t\t\t<\/div>\r\n\t\t\t\t<\/div>\r\n\t\t\t\t\t<\/div>\r\n\t\t\t\t<\/div>\r\n\t\t<div class=\"elementor-element elementor-element-75a58c8 e-flex e-con-boxed wpr-particle-no wpr-jarallax-no wpr-parallax-no wpr-sticky-section-no e-con e-parent\" data-id=\"75a58c8\" data-element_type=\"container\" data-core-v316-plus=\"true\">\r\n\t\t\t\t\t<div class=\"e-con-inner\">\r\n\t\t\t\t<div class=\"elementor-element elementor-element-6a700fb elementor-widget elementor-widget-heading\" data-id=\"6a700fb\" data-element_type=\"widget\" data-widget_type=\"heading.default\">\r\n\t\t\t\t<div class=\"elementor-widget-container\">\r\n\t\t\t<h2 class=\"elementor-heading-title elementor-size-default\">SE\u00c7\u00c3O 2 \u2013 COMO TRATAMOS OS DADOS PESSOAIS<\/h2>\t\t<\/div>\r\n\t\t\t\t<\/div>\r\n\t\t\t\t\t<\/div>\r\n\t\t\t\t<\/div>\r\n\t\t<div class=\"elementor-element elementor-element-6585997 e-flex e-con-boxed wpr-particle-no wpr-jarallax-no wpr-parallax-no wpr-sticky-section-no e-con e-parent\" data-id=\"6585997\" data-element_type=\"container\" data-core-v316-plus=\"true\">\r\n\t\t\t\t\t<div class=\"e-con-inner\">\r\n\t\t\t\t<div class=\"elementor-element elementor-element-1d2b759 elementor-widget elementor-widget-text-editor\" data-id=\"1d2b759\" data-element_type=\"widget\" data-widget_type=\"text-editor.default\">\r\n\t\t\t\t<div class=\"elementor-widget-container\">\r\n\t\t\t\t\t\t\t<ul><li style=\"font-weight: 400;\" aria-level=\"1\"><span style=\"font-weight: 400;\">Os dados pessoais coletados atrav\u00e9s de um sistema de cadastros no site <\/span><a href=\"https:\/\/chamados.wps.digital\/\"><span style=\"font-weight: 400;\">https:\/\/chamados.wps.digital\/<\/span><\/a><span style=\"font-weight: 400;\"> , a finalidade dessa coleta \u00e9 importante para que a WPS DIGITAL possa fornecer o servi\u00e7o;<\/span><\/li><li style=\"font-weight: 400;\" aria-level=\"1\"><span style=\"font-weight: 400;\">Esses dados pessoais s\u00e3o necess\u00e1rios para que o servi\u00e7o oferecido possa ser o indicado e personalizado ao titular dos dados;<\/span><\/li><li style=\"font-weight: 400;\" aria-level=\"1\"><span style=\"font-weight: 400;\">Sem o compartilhamento dos dados pessoais n\u00e3o \u00e9 poss\u00edvel para a WPS DIGITAL realizar sua atividade de presta\u00e7\u00e3o do servi\u00e7o.<\/span><\/li><\/ul>\t\t\t\t\t\t<\/div>\r\n\t\t\t\t<\/div>\r\n\t\t\t\t\t<\/div>\r\n\t\t\t\t<\/div>\r\n\t\t<div class=\"elementor-element elementor-element-0c4aaa9 e-flex e-con-boxed wpr-particle-no wpr-jarallax-no wpr-parallax-no wpr-sticky-section-no e-con e-parent\" data-id=\"0c4aaa9\" data-element_type=\"container\" data-core-v316-plus=\"true\">\r\n\t\t\t\t\t<div class=\"e-con-inner\">\r\n\t\t\t\t<div class=\"elementor-element elementor-element-4cd6e9e elementor-widget elementor-widget-heading\" data-id=\"4cd6e9e\" data-element_type=\"widget\" data-widget_type=\"heading.default\">\r\n\t\t\t\t<div class=\"elementor-widget-container\">\r\n\t\t\t<h2 class=\"elementor-heading-title elementor-size-default\">SE\u00c7\u00c3O 3 \u2013 QUAIS DADOS PESSOAIS RECOLHEMOS<\/h2>\t\t<\/div>\r\n\t\t\t\t<\/div>\r\n\t\t\t\t\t<\/div>\r\n\t\t\t\t<\/div>\r\n\t\t<div class=\"elementor-element elementor-element-fd901af e-flex e-con-boxed wpr-particle-no wpr-jarallax-no wpr-parallax-no wpr-sticky-section-no e-con e-parent\" data-id=\"fd901af\" data-element_type=\"container\" data-core-v316-plus=\"true\">\r\n\t\t\t\t\t<div class=\"e-con-inner\">\r\n\t\t\t\t<div class=\"elementor-element elementor-element-62a176c elementor-widget elementor-widget-text-editor\" data-id=\"62a176c\" data-element_type=\"widget\" data-widget_type=\"text-editor.default\">\r\n\t\t\t\t<div class=\"elementor-widget-container\">\r\n\t\t\t\t\t\t\t<ul><li style=\"font-weight: 400;\" aria-level=\"1\"><span style=\"font-weight: 400;\">A WPS DIGITAL coleta os dados pessoais que permitem identificar corretamente o titular, tais como nome, e-mail e telefone. Esses s\u00e3o necess\u00e1rios para personalizar o servi\u00e7o conforme indicado nessa pol\u00edtica;<\/span><\/li><li style=\"font-weight: 400;\" aria-level=\"1\"><span style=\"font-weight: 400;\">Destacamos que os dados pessoais utilizados s\u00e3o fornecidos diretamente pelo titular, e neste sentido, a responsabilidade pela veracidade e precis\u00e3o dos dados informados s\u00e3o de seu emissor, havendo sempre a possibilidade de nos contatar para retific\u00e1-los ou mant\u00ea-los atualizados;<\/span><\/li><li style=\"font-weight: 400;\" aria-level=\"1\"><span style=\"font-weight: 400;\">Caso opte por cancelar sua inscri\u00e7\u00e3o, pode faz\u00ea-lo contatando-nos atrav\u00e9s da aba \u201cCONTATO\u201d, no site <\/span><span style=\"font-weight: 400;\">digital<\/span><span style=\"font-weight: 400;\"> a qualquer tempo;<\/span><\/li><li style=\"font-weight: 400;\" aria-level=\"1\"><span style=\"font-weight: 400;\">Informamos que os dados pessoais coletados em nossos websites est\u00e3o sob os nossos cuidados e responsabilidade, sendo que seu uso, acesso e compartilhamento, quando necess\u00e1rios, ser\u00e3o feitos dentro dos limites e prop\u00f3sitos dos neg\u00f3cios descritos nesta Pol\u00edtica;<\/span><\/li><li style=\"font-weight: 400;\" aria-level=\"1\"><span style=\"font-weight: 400;\">Tamb\u00e9m realizamos o tratamento indireto de dados pessoais para prover melhor funcionamento deste website. Estas informa\u00e7\u00f5es s\u00e3o obtidas por meio de cookies e plug-ins de terceiros enviados ao seu navegador e s\u00e3o estritamente necess\u00e1rios para o funcionamento da plataforma, n\u00e3o sendo poss\u00edvel identificar o usu\u00e1rio\/titular a partir delas.<\/span><\/li><\/ul>\t\t\t\t\t\t<\/div>\r\n\t\t\t\t<\/div>\r\n\t\t\t\t\t<\/div>\r\n\t\t\t\t<\/div>\r\n\t\t<div class=\"elementor-element elementor-element-85b4991 e-flex e-con-boxed wpr-particle-no wpr-jarallax-no wpr-parallax-no wpr-sticky-section-no e-con e-parent\" data-id=\"85b4991\" data-element_type=\"container\" data-core-v316-plus=\"true\">\r\n\t\t\t\t\t<div class=\"e-con-inner\">\r\n\t\t\t\t<div class=\"elementor-element elementor-element-654d53e elementor-widget elementor-widget-heading\" data-id=\"654d53e\" data-element_type=\"widget\" data-widget_type=\"heading.default\">\r\n\t\t\t\t<div class=\"elementor-widget-container\">\r\n\t\t\t<h2 class=\"elementor-heading-title elementor-size-default\">SE\u00c7\u00c3O 4 \u2013 QUAIS S\u00c3O SEUS DIREITOS COMO TITULAR DOS DADOS.<\/h2>\t\t<\/div>\r\n\t\t\t\t<\/div>\r\n\t\t\t\t\t<\/div>\r\n\t\t\t\t<\/div>\r\n\t\t<div class=\"elementor-element elementor-element-cc156e0 e-flex e-con-boxed wpr-particle-no wpr-jarallax-no wpr-parallax-no wpr-sticky-section-no e-con e-parent\" data-id=\"cc156e0\" data-element_type=\"container\" data-core-v316-plus=\"true\">\r\n\t\t\t\t\t<div class=\"e-con-inner\">\r\n\t\t\t\t<div class=\"elementor-element elementor-element-f3932b8 elementor-widget elementor-widget-text-editor\" data-id=\"f3932b8\" data-element_type=\"widget\" data-widget_type=\"text-editor.default\">\r\n\t\t\t\t<div class=\"elementor-widget-container\">\r\n\t\t\t\t\t\t\t\n<ul>\n<li style=\"font-weight: 400;\" aria-level=\"1\"><span style=\"font-weight: 400;\">Os dados pessoais s\u00e3o seus, e a lei brasileira, lhe garante uma s\u00e9rie de direitos relacionados a eles. A WPS DIGITAL est\u00e1 comprometida com o cumprimento desses direitos e, nessa se\u00e7\u00e3o, elenca quais s\u00e3o e como voc\u00ea pode exerc\u00ea-los. Vejamos:<\/span>\n \t<li style=\"font-weight: 400;\" aria-level=\"1\"><span style=\"font-weight: 400;\">Confirma\u00e7\u00e3o da exist\u00eancia do tratamento de dados pessoais;<\/span><\/li>\n \t<li style=\"font-weight: 400;\" aria-level=\"1\"><span style=\"font-weight: 400;\">Acesso aos dados;<\/span><\/li>\n \t<li style=\"font-weight: 400;\" aria-level=\"1\"><span style=\"font-weight: 400;\">Corre\u00e7\u00e3o de dados incompletos, incorretos ou desatualizados;<\/span><\/li>\n \t<li style=\"font-weight: 400;\" aria-level=\"1\"><span style=\"font-weight: 400;\">Anonimiza\u00e7\u00e3o, bloqueio ou elimina\u00e7\u00e3o de dados desnecess\u00e1rios, excessivos ou tratados em desconformidade com a Lei Geral de Prote\u00e7\u00e3o de Dados;<\/span><\/li>\n \t<li style=\"font-weight: 400;\" aria-level=\"1\"><span style=\"font-weight: 400;\">Portabilidade dos dados, mediante requerimento expresso, de acordo com a regulamenta\u00e7\u00e3o da Autoridade Nacional de Prote\u00e7\u00e3o de dados, sendo observados os segredos comercial e industrial;<\/span><\/li>\n \t<li style=\"font-weight: 400;\" aria-level=\"1\"><span style=\"font-weight: 400;\">Elimina\u00e7\u00e3o dos dados pessoais tratados com o consentimento do titular, exceto nas hip\u00f3teses de cumprimento de obriga\u00e7\u00e3o legal ou regulat\u00f3ria pelo controlador e estudo por \u00f3rg\u00e3o de pesquisa, garantindo a anonimiza\u00e7\u00e3o dos dados pessoais sempre que poss\u00edvel;<\/span><\/li>\n \t<li style=\"font-weight: 400;\" aria-level=\"1\"><span style=\"font-weight: 400;\">Transfer\u00eancia a terceiro, desde que respeitados os requisitos de tratamento de dados dispostos na Lei Geral de Prote\u00e7\u00e3o de Dados ou uso exclusivo do controlador, vedado seu acesso por terceiro, e desde que anonimizados os dados;<\/span><\/li>\n \t<li style=\"font-weight: 400;\" aria-level=\"1\"><span style=\"font-weight: 400;\">Informa\u00e7\u00e3o das entidades p\u00fablicas e privadas com as quais os seus dados s\u00e3o compartilhados;<\/span><\/li>\n \t<li style=\"font-weight: 400;\" aria-level=\"1\"><span style=\"font-weight: 400;\">Revoga\u00e7\u00e3o do consentimento, por procedimento simples e gratuito, a qualquer tempo. Ressaltamos que a WPS DIGITAL n\u00e3o realiza o tratamento automatizado de dados pessoais;<\/span><\/li>\n \t<li style=\"font-weight: 400;\" aria-level=\"1\"><span style=\"font-weight: 400;\">Nesta plataforma n\u00e3o h\u00e1 coleta de qualquer dado sens\u00edvel e o conte\u00fado n\u00e3o \u00e9 direcionado \u00e0s crian\u00e7as e adolescentes, assim n\u00e3o h\u00e1 avalia\u00e7\u00e3o, qualifica\u00e7\u00e3o ou coleta intencional de seus dados pessoais.<\/span><\/li>\n<\/ul>\n<\/li>\n\t\t\t\t\t\t<\/div>\r\n\t\t\t\t<\/div>\r\n\t\t\t\t\t<\/div>\r\n\t\t\t\t<\/div>\r\n\t\t<div class=\"elementor-element elementor-element-f698843 e-flex e-con-boxed wpr-particle-no wpr-jarallax-no wpr-parallax-no wpr-sticky-section-no e-con e-parent\" data-id=\"f698843\" data-element_type=\"container\" data-core-v316-plus=\"true\">\r\n\t\t\t\t\t<div class=\"e-con-inner\">\r\n\t\t\t\t<div class=\"elementor-element elementor-element-8c4fde3 elementor-widget elementor-widget-heading\" data-id=\"8c4fde3\" data-element_type=\"widget\" data-widget_type=\"heading.default\">\r\n\t\t\t\t<div class=\"elementor-widget-container\">\r\n\t\t\t<h2 class=\"elementor-heading-title elementor-size-default\">AVISOS IMPORTANTES<\/h2>\t\t<\/div>\r\n\t\t\t\t<\/div>\r\n\t\t\t\t\t<\/div>\r\n\t\t\t\t<\/div>\r\n\t\t<div class=\"elementor-element elementor-element-54c09cd e-flex e-con-boxed wpr-particle-no wpr-jarallax-no wpr-parallax-no wpr-sticky-section-no e-con e-parent\" data-id=\"54c09cd\" data-element_type=\"container\" data-core-v316-plus=\"true\">\r\n\t\t\t\t\t<div class=\"e-con-inner\">\r\n\t\t\t\t<div class=\"elementor-element elementor-element-69c04bf elementor-widget elementor-widget-text-editor\" data-id=\"69c04bf\" data-element_type=\"widget\" data-widget_type=\"text-editor.default\">\r\n\t\t\t\t<div class=\"elementor-widget-container\">\r\n\t\t\t\t\t\t\t<ul><li style=\"font-weight: 400;\" aria-level=\"1\"><span style=\"font-weight: 400;\">Em alguns casos, pode haver motivos leg\u00edtimos para deixar de atender a uma solicita\u00e7\u00e3o de exerc\u00edcio de direitos. Essas situa\u00e7\u00f5es incluem, por exemplo, casos em que uma revela\u00e7\u00e3o de informa\u00e7\u00f5es espec\u00edficas, poderia violar direitos de propriedade intelectual ou segredos de neg\u00f3cio ou de terceiros, bem como casos em que pedidos de exclus\u00e3o de dados n\u00e3o possam ser atendidos em raz\u00e3o da exist\u00eancia de obriga\u00e7\u00e3o de reten\u00e7\u00e3o de dados, seja para cumprir obriga\u00e7\u00f5es legais, regulat\u00f3rias ou para possibilitar a defesa da WPS DIGITAL ou de terceiros em disputas de qualquer natureza;<\/span><\/li><li style=\"font-weight: 400;\" aria-level=\"1\"><span style=\"font-weight: 400;\">Ainda, algumas solicita\u00e7\u00f5es podem n\u00e3o ser respondidas de forma imediata, mas WPS DIGITAL se compromete a responder todas as requisi\u00e7\u00f5es em um prazo razo\u00e1vel e sempre em conformidade com a legisla\u00e7\u00e3o aplic\u00e1vel.<\/span><\/li><\/ul>\t\t\t\t\t\t<\/div>\r\n\t\t\t\t<\/div>\r\n\t\t\t\t\t<\/div>\r\n\t\t\t\t<\/div>\r\n\t\t<div class=\"elementor-element elementor-element-2ea0685 e-flex e-con-boxed wpr-particle-no wpr-jarallax-no wpr-parallax-no wpr-sticky-section-no e-con e-parent\" data-id=\"2ea0685\" data-element_type=\"container\" data-core-v316-plus=\"true\">\r\n\t\t\t\t\t<div class=\"e-con-inner\">\r\n\t\t\t\t<div class=\"elementor-element elementor-element-d1c3d54 elementor-widget elementor-widget-heading\" data-id=\"d1c3d54\" data-element_type=\"widget\" data-widget_type=\"heading.default\">\r\n\t\t\t\t<div class=\"elementor-widget-container\">\r\n\t\t\t<h2 class=\"elementor-heading-title elementor-size-default\">SE\u00c7\u00c3O 5 \u2013 PARA QUE FINALIDADES UTILIZAMOS OS DADOS PESSOAIS<\/h2>\t\t<\/div>\r\n\t\t\t\t<\/div>\r\n\t\t\t\t\t<\/div>\r\n\t\t\t\t<\/div>\r\n\t\t<div class=\"elementor-element elementor-element-667e76b e-flex e-con-boxed wpr-particle-no wpr-jarallax-no wpr-parallax-no wpr-sticky-section-no e-con e-parent\" data-id=\"667e76b\" data-element_type=\"container\" data-core-v316-plus=\"true\">\r\n\t\t\t\t\t<div class=\"e-con-inner\">\r\n\t\t\t\t<div class=\"elementor-element elementor-element-95c5828 elementor-widget elementor-widget-text-editor\" data-id=\"95c5828\" data-element_type=\"widget\" data-widget_type=\"text-editor.default\">\r\n\t\t\t\t<div class=\"elementor-widget-container\">\r\n\t\t\t\t\t\t\t<p><span style=\"font-weight: 400;\">5.1 Finalidades<\/span><\/p><p><span style=\"font-weight: 400;\">Os dados pessoais coletados e armazenados pelos sistemas WPS DIGITAL possuem os seguintes prop\u00f3sitos:<\/span><\/p><ul><li style=\"font-weight: 400;\" aria-level=\"1\"><span style=\"font-weight: 400;\">Atendimento ao usu\u00e1rio por problemas ou erros no computador e ou rede;<\/span><\/li><li style=\"font-weight: 400;\" aria-level=\"1\"><span style=\"font-weight: 400;\">Problemas com internet;<\/span><\/li><li style=\"font-weight: 400;\" aria-level=\"1\"><span style=\"font-weight: 400;\">Problemas com c\u00e2meras;<\/span><\/li><li style=\"font-weight: 400;\" aria-level=\"1\"><span style=\"font-weight: 400;\">Problemas com telefonia;<\/span><\/li><li style=\"font-weight: 400;\" aria-level=\"1\"><span style=\"font-weight: 400;\">Problemas com impressoras;<\/span><\/li><li style=\"font-weight: 400;\" aria-level=\"1\"><span style=\"font-weight: 400;\">Faturamento dos servi\u00e7os prestados.<\/span><\/li><\/ul><p><span style=\"font-weight: 400;\">5.2 Tempo de armazenamento<\/span><\/p><p><span style=\"font-weight: 400;\">Os dados pessoais ficam armazenados durante o per\u00edodo necess\u00e1rio para a presta\u00e7\u00e3o do servi\u00e7o ou o cumprimento das finalidades previstas. Os sistemas da WPS DIGITAL mant\u00eam o armazenamento dos dados pessoais conforme o disposto no inciso Art.15 e 16 da Lei 13.709\/18, Lei Geral de Prote\u00e7\u00e3o de Dados.<\/span><\/p><p><span style=\"font-weight: 400;\">Os dados podem ser removidos ou anonimizados a pedido do usu\u00e1rio, excetuando os casos em que a lei oferecer outro tratamento. Ap\u00f3s o t\u00e9rmino do per\u00edodo de tratamento os dados pessoais dos usu\u00e1rios podem ser conservados em nossos sistemas nas seguintes hip\u00f3teses:<\/span><\/p><ul><li style=\"list-style-type: none;\"><ul><li style=\"font-weight: 400;\" aria-level=\"1\"><span style=\"font-weight: 400;\">Cumprimento de obriga\u00e7\u00e3o legal ou regulat\u00f3ria pelo controlador;<\/span><\/li><li style=\"font-weight: 400;\" aria-level=\"1\"><span style=\"font-weight: 400;\">Estudo por \u00f3rg\u00e3o de pesquisa, garantida, sempre que poss\u00edvel, a anonimiza\u00e7\u00e3o dos dados pessoais;<\/span><\/li><li style=\"font-weight: 400;\" aria-level=\"1\"><span style=\"font-weight: 400;\">Transfer\u00eancia a terceiros, desde que respeitados os requisitos de tratamento de dados dispostos na Lei 13.709\/18, Lei Geral de Prote\u00e7\u00e3o de Dados;<\/span><\/li><li style=\"font-weight: 400;\" aria-level=\"1\"><span style=\"font-weight: 400;\">Uso exclusivo do controlador, vedado seu acesso por terceiro, e desde que anonimizados os dados.<\/span><\/li><\/ul><\/li><\/ul>\t\t\t\t\t\t<\/div>\r\n\t\t\t\t<\/div>\r\n\t\t\t\t\t<\/div>\r\n\t\t\t\t<\/div>\r\n\t\t<div class=\"elementor-element elementor-element-a432cd7 e-flex e-con-boxed wpr-particle-no wpr-jarallax-no wpr-parallax-no wpr-sticky-section-no e-con e-parent\" data-id=\"a432cd7\" data-element_type=\"container\" data-core-v316-plus=\"true\">\r\n\t\t\t\t\t<div class=\"e-con-inner\">\r\n\t\t\t\t<div class=\"elementor-element elementor-element-d9380d1 elementor-widget elementor-widget-heading\" data-id=\"d9380d1\" data-element_type=\"widget\" data-widget_type=\"heading.default\">\r\n\t\t\t\t<div class=\"elementor-widget-container\">\r\n\t\t\t<h2 class=\"elementor-heading-title elementor-size-default\">SE\u00c7\u00c3O 6 \u2013 SEGURAN\u00c7A DOS DADOS PESSOAIS ARMAZENADOS<\/h2>\t\t<\/div>\r\n\t\t\t\t<\/div>\r\n\t\t\t\t\t<\/div>\r\n\t\t\t\t<\/div>\r\n\t\t<div class=\"elementor-element elementor-element-e29537d e-flex e-con-boxed wpr-particle-no wpr-jarallax-no wpr-parallax-no wpr-sticky-section-no e-con e-parent\" data-id=\"e29537d\" data-element_type=\"container\" data-core-v316-plus=\"true\">\r\n\t\t\t\t\t<div class=\"e-con-inner\">\r\n\t\t\t\t<div class=\"elementor-element elementor-element-51b6958 elementor-widget elementor-widget-text-editor\" data-id=\"51b6958\" data-element_type=\"widget\" data-widget_type=\"text-editor.default\">\r\n\t\t\t\t<div class=\"elementor-widget-container\">\r\n\t\t\t\t\t\t\t<ul><li style=\"font-weight: 400;\" aria-level=\"1\"><span style=\"font-weight: 400;\">A WPS DIGITAL, controladora do site <\/span><span style=\"font-weight: 400;\">wps.digital<\/span><span style=\"font-weight: 400;\">, aplica medidas t\u00e9cnicas, que protegem os dados pessoais de acessos n\u00e3o autorizados ou de situa\u00e7\u00f5es de destrui\u00e7\u00e3o, perda, altera\u00e7\u00e3o, comunica\u00e7\u00e3o ou difus\u00e3o. Os dados pessoais quando compartilhados no site <\/span><span style=\"font-weight: 400;\">chamados.wps.digital<\/span><span style=\"font-weight: 400;\"> s\u00e3o protegidos por tecnologia HTTPS (Site Seguro) e ficam armazenados nos servidores com aplica\u00e7\u00e3o de controles criptogr\u00e1ficos indicados;<\/span><\/li><li style=\"font-weight: 400;\" aria-level=\"1\"><span style=\"font-weight: 400;\">A WPS DIGITAL n\u00e3o se exime de responsabilidade por culpa exclusiva de terceiros, como em caso de ataque de hackers ou crackers, exceto em culpa exclusiva do usu\u00e1rio, como no caso em que ele mesmo transfere seus dados a terceiros. A WPS DIGITAL se compromete a comunicar o usu\u00e1rio em caso de alguma viola\u00e7\u00e3o de seguran\u00e7a dos seus dados pessoais;<\/span><\/li><li style=\"font-weight: 400;\" aria-level=\"1\"><span style=\"font-weight: 400;\">Os dados pessoais armazenados s\u00e3o tratados com confidencialidade, dentro dos limites legais. No entanto, podemos divulgar suas informa\u00e7\u00f5es pessoais caso sejamos obrigados pela lei para faz\u00ea-lo.<\/span><\/li><\/ul><p>\u00a0<\/p>\t\t\t\t\t\t<\/div>\r\n\t\t\t\t<\/div>\r\n\t\t\t\t\t<\/div>\r\n\t\t\t\t<\/div>\r\n\t\t<div class=\"elementor-element elementor-element-be7ce62 e-flex e-con-boxed wpr-particle-no wpr-jarallax-no wpr-parallax-no wpr-sticky-section-no e-con e-parent\" data-id=\"be7ce62\" data-element_type=\"container\" data-core-v316-plus=\"true\">\r\n\t\t\t\t\t<div class=\"e-con-inner\">\r\n\t\t\t\t<div class=\"elementor-element elementor-element-1291595 elementor-widget elementor-widget-heading\" data-id=\"1291595\" data-element_type=\"widget\" data-widget_type=\"heading.default\">\r\n\t\t\t\t<div class=\"elementor-widget-container\">\r\n\t\t\t<h2 class=\"elementor-heading-title elementor-size-default\">SE\u00c7\u00c3O 7 \u2013 COMPARTILHAMENTO DOS DADOS\n<\/h2>\t\t<\/div>\r\n\t\t\t\t<\/div>\r\n\t\t\t\t\t<\/div>\r\n\t\t\t\t<\/div>\r\n\t\t<div class=\"elementor-element elementor-element-f389c70 e-flex e-con-boxed wpr-particle-no wpr-jarallax-no wpr-parallax-no wpr-sticky-section-no e-con e-parent\" data-id=\"f389c70\" data-element_type=\"container\" data-core-v316-plus=\"true\">\r\n\t\t\t\t\t<div class=\"e-con-inner\">\r\n\t\t\t\t<div class=\"elementor-element elementor-element-788b0b2 elementor-widget elementor-widget-text-editor\" data-id=\"788b0b2\" data-element_type=\"widget\" data-widget_type=\"text-editor.default\">\r\n\t\t\t\t<div class=\"elementor-widget-container\">\r\n\t\t\t\t\t\t\t<p><span style=\"font-weight: 400;\">O compartilhamento de dados pessoais do usu\u00e1rio dos servi\u00e7os oferecidos pela WPS DIGITAL ocorre apenas com os operadores (Funcion\u00e1rios) de tratamento de dados para realiza\u00e7\u00e3o do servi\u00e7o. Esses operadores est\u00e3o comprometidos por meio do Termos de Confidencialidade que submetem esses operadores a n\u00e3o compartilhar os dados pessoais a que tem acesso no processo de presta\u00e7\u00e3o de servi\u00e7o da WPS DIGITAL.<\/span><\/p>\t\t\t\t\t\t<\/div>\r\n\t\t\t\t<\/div>\r\n\t\t\t\t\t<\/div>\r\n\t\t\t\t<\/div>\r\n\t\t<div class=\"elementor-element elementor-element-c25547a e-flex e-con-boxed wpr-particle-no wpr-jarallax-no wpr-parallax-no wpr-sticky-section-no e-con e-parent\" data-id=\"c25547a\" data-element_type=\"container\" data-core-v316-plus=\"true\">\r\n\t\t\t\t\t<div class=\"e-con-inner\">\r\n\t\t\t\t<div class=\"elementor-element elementor-element-7f7e825 elementor-widget elementor-widget-heading\" data-id=\"7f7e825\" data-element_type=\"widget\" data-widget_type=\"heading.default\">\r\n\t\t\t\t<div class=\"elementor-widget-container\">\r\n\t\t\t<h2 class=\"elementor-heading-title elementor-size-default\">SE\u00c7\u00c3O 8 \u2013 INFORMA\u00c7\u00d5ES SOBRE O CONTROLADOR E RESPONS\u00c1VEL PELO TRATAMENTO DE DADOS<\/h2>\t\t<\/div>\r\n\t\t\t\t<\/div>\r\n\t\t\t\t\t<\/div>\r\n\t\t\t\t<\/div>\r\n\t\t<div class=\"elementor-element elementor-element-d880f2b e-flex e-con-boxed wpr-particle-no wpr-jarallax-no wpr-parallax-no wpr-sticky-section-no e-con e-parent\" data-id=\"d880f2b\" data-element_type=\"container\" data-core-v316-plus=\"true\">\r\n\t\t\t\t\t<div class=\"e-con-inner\">\r\n\t\t\t\t<div class=\"elementor-element elementor-element-5775381 elementor-widget elementor-widget-text-editor\" data-id=\"5775381\" data-element_type=\"widget\" data-widget_type=\"text-editor.default\">\r\n\t\t\t\t<div class=\"elementor-widget-container\">\r\n\t\t\t\t\t\t\t<ul><li style=\"font-weight: 400;\" aria-level=\"1\"><span style=\"font-weight: 400;\">A WPS DIGITAL tem como CONTROLADOR e respons\u00e1vel por definir e tomar qualquer decis\u00e3o referente ao tratamento de dados realizado por n\u00f3s e por nossa equipe o Sr. (coloque o nome do CONTROLADOR aqui ou a EMPRESA respons\u00e1vel trazendo informa\u00e7\u00f5es de contato);<\/span><\/li><li style=\"font-weight: 400;\" aria-level=\"1\"><span style=\"font-weight: 400;\">O CONTROLADOR \u00e9 um profissional\/empresa de nossa inteira confian\u00e7a, que est\u00e1 ciente de todas as normas trazidas na legisla\u00e7\u00e3o que realiza a prote\u00e7\u00e3o de dados, al\u00e9m de ter total ci\u00eancia e conhecimento das normas estabelecidas na nossa Pol\u00edtica Interna.<\/span><\/li><\/ul>\t\t\t\t\t\t<\/div>\r\n\t\t\t\t<\/div>\r\n\t\t\t\t\t<\/div>\r\n\t\t\t\t<\/div>\r\n\t\t<div class=\"elementor-element elementor-element-17d48ac e-flex e-con-boxed wpr-particle-no wpr-jarallax-no wpr-parallax-no wpr-sticky-section-no e-con e-parent\" data-id=\"17d48ac\" data-element_type=\"container\" data-core-v316-plus=\"true\">\r\n\t\t\t\t\t<div class=\"e-con-inner\">\r\n\t\t\t\t<div class=\"elementor-element elementor-element-bcd4dba elementor-widget elementor-widget-heading\" data-id=\"bcd4dba\" data-element_type=\"widget\" data-widget_type=\"heading.default\">\r\n\t\t\t\t<div class=\"elementor-widget-container\">\r\n\t\t\t<h2 class=\"elementor-heading-title elementor-size-default\">SE\u00c7\u00c3O 9 \u2013 COOKIES OU DADOS DE NAVEGA\u00c7\u00c3O<\/h2>\t\t<\/div>\r\n\t\t\t\t<\/div>\r\n\t\t\t\t\t<\/div>\r\n\t\t\t\t<\/div>\r\n\t\t<div class=\"elementor-element elementor-element-febdb38 e-flex e-con-boxed wpr-particle-no wpr-jarallax-no wpr-parallax-no wpr-sticky-section-no e-con e-parent\" data-id=\"febdb38\" data-element_type=\"container\" data-core-v316-plus=\"true\">\r\n\t\t\t\t\t<div class=\"e-con-inner\">\r\n\t\t\t\t<div class=\"elementor-element elementor-element-4fffafb elementor-widget elementor-widget-text-editor\" data-id=\"4fffafb\" data-element_type=\"widget\" data-widget_type=\"text-editor.default\">\r\n\t\t\t\t<div class=\"elementor-widget-container\">\r\n\t\t\t\t\t\t\t<ul><li style=\"font-weight: 400;\" aria-level=\"1\"><span style=\"font-weight: 400;\">Os cookies referem-se ao monitoramento do acesso do usu\u00e1rio em \u00e1reas visitadas em nossos sites <\/span><span style=\"font-weight: 400;\">digital<\/span><span style=\"font-weight: 400;\"> e <\/span><span style=\"font-weight: 400;\">chamados.wps.digital<\/span><span style=\"font-weight: 400;\">, tais informa\u00e7\u00f5es s\u00e3o relacionadas com local e hor\u00e1rio de acesso e s\u00e3o armazenadas pelo navegador do usu\u00e1rio e visitante para que o nosso servidor possa l\u00ea-las posteriormente a fim de personalizar os servi\u00e7os e melhorar a experi\u00eancia de navega\u00e7\u00e3o em nossos sites;<\/span><\/li><li style=\"font-weight: 400;\" aria-level=\"1\"><span style=\"font-weight: 400;\">O cookie persistente, permanece no disco r\u00edgido do usu\u00e1rio depois que o navegador \u00e9 fechado e ser\u00e1 usado pelo navegador em visitas subsequentes ao site. Os cookies persistentes podem ser removidos seguindo as instru\u00e7\u00f5es do seu navegador;<\/span><\/li><li style=\"font-weight: 400;\" aria-level=\"1\"><span style=\"font-weight: 400;\">J\u00e1 o cookie de sess\u00e3o, \u00e9 tempor\u00e1rio, e desaparece depois que o navegador \u00e9 fechado. \u00c9 poss\u00edvel redefinir seu navegador da web para recusar todos os cookies, por\u00e9m alguns recursos da plataforma podem n\u00e3o funcionar corretamente se a capacidade de aceitar cookies estiver desabilitada.<\/span><\/li><\/ul>\t\t\t\t\t\t<\/div>\r\n\t\t\t\t<\/div>\r\n\t\t\t\t\t<\/div>\r\n\t\t\t\t<\/div>\r\n\t\t<div class=\"elementor-element elementor-element-bac5d73 e-flex e-con-boxed wpr-particle-no wpr-jarallax-no wpr-parallax-no wpr-sticky-section-no e-con e-parent\" data-id=\"bac5d73\" data-element_type=\"container\" data-core-v316-plus=\"true\">\r\n\t\t\t\t\t<div class=\"e-con-inner\">\r\n\t\t\t\t<div class=\"elementor-element elementor-element-2ce0587 elementor-widget elementor-widget-heading\" data-id=\"2ce0587\" data-element_type=\"widget\" data-widget_type=\"heading.default\">\r\n\t\t\t\t<div class=\"elementor-widget-container\">\r\n\t\t\t<h2 class=\"elementor-heading-title elementor-size-default\"> SE\u00c7\u00c3O 10 \u2013 CONSENTIMENTO<\/h2>\t\t<\/div>\r\n\t\t\t\t<\/div>\r\n\t\t\t\t\t<\/div>\r\n\t\t\t\t<\/div>\r\n\t\t<div class=\"elementor-element elementor-element-6c5bf99 e-flex e-con-boxed wpr-particle-no wpr-jarallax-no wpr-parallax-no wpr-sticky-section-no e-con e-parent\" data-id=\"6c5bf99\" data-element_type=\"container\" data-core-v316-plus=\"true\">\r\n\t\t\t\t\t<div class=\"e-con-inner\">\r\n\t\t\t\t<div class=\"elementor-element elementor-element-359406e elementor-widget elementor-widget-text-editor\" data-id=\"359406e\" data-element_type=\"widget\" data-widget_type=\"text-editor.default\">\r\n\t\t\t\t<div class=\"elementor-widget-container\">\r\n\t\t\t\t\t\t\t \n<ul>\n \t<li><span style=\"font-weight: 400;\">Para utilizar o servi\u00e7o \u00e9 necess\u00e1rio que os dados pessoais sejam compartilhados conforme a finalidade de uso apresentada na se\u00e7\u00e3o 4 dessa pol\u00edtica;<\/span><\/li>\n \t<li style=\"list-style-type: none;\">\n \t<li style=\"font-weight: 400;\" aria-level=\"1\"><span style=\"font-weight: 400;\">A obten\u00e7\u00e3o do consentimento do titular ocorre com o entendimento da finalidade se uso e com os termos dessa pol\u00edtica;<\/span><\/li>\n \t<li style=\"font-weight: 400;\" aria-level=\"1\"><span style=\"font-weight: 400;\">Uma mensagem de consentimento \u00e9 exibida <\/span><span style=\"font-weight: 400;\">wps.digital<\/span><span style=\"font-weight: 400;\">, o usu\u00e1rio entende que ao compartilhar seus dados pessoais est\u00e1 consentindo com a presente Pol\u00edtica de Privacidade e com o uso de seus dados pessoais de acordo com a se\u00e7\u00e3o 4 dessa pol\u00edtica;<\/span><\/li>\n<\/ul>\n<\/li>\n \t\t\t\t\t\t<\/div>\r\n\t\t\t\t<\/div>\r\n\t\t\t\t\t<\/div>\r\n\t\t\t\t<\/div>\r\n\t\t<div class=\"elementor-element elementor-element-1b64e88 e-flex e-con-boxed wpr-particle-no wpr-jarallax-no wpr-parallax-no wpr-sticky-section-no e-con e-parent\" data-id=\"1b64e88\" data-element_type=\"container\" data-core-v316-plus=\"true\">\r\n\t\t\t\t\t<div class=\"e-con-inner\">\r\n\t\t\t\t<div class=\"elementor-element elementor-element-32755b9 elementor-widget elementor-widget-heading\" data-id=\"32755b9\" data-element_type=\"widget\" data-widget_type=\"heading.default\">\r\n\t\t\t\t<div class=\"elementor-widget-container\">\r\n\t\t\t<h2 class=\"elementor-heading-title elementor-size-default\">SE\u00c7\u00c3O 11 \u2013 ALTERA\u00c7\u00d5ES PARA ESSA POL\u00cdTICA DE PRIVACIDADE<\/h2>\t\t<\/div>\r\n\t\t\t\t<\/div>\r\n\t\t\t\t\t<\/div>\r\n\t\t\t\t<\/div>\r\n\t\t<div class=\"elementor-element elementor-element-fc18ef0 e-flex e-con-boxed wpr-particle-no wpr-jarallax-no wpr-parallax-no wpr-sticky-section-no e-con e-parent\" data-id=\"fc18ef0\" data-element_type=\"container\" data-core-v316-plus=\"true\">\r\n\t\t\t\t\t<div class=\"e-con-inner\">\r\n\t\t\t\t<div class=\"elementor-element elementor-element-d57ab3e elementor-widget elementor-widget-text-editor\" data-id=\"d57ab3e\" data-element_type=\"widget\" data-widget_type=\"text-editor.default\">\r\n\t\t\t\t<div class=\"elementor-widget-container\">\r\n\t\t\t\t\t\t\t<ul><li style=\"font-weight: 400;\" aria-level=\"1\"><span style=\"font-weight: 400;\">Reservamos o direito de revisar essa Pol\u00edtica de Privacidade a qualquer momento, ent\u00e3o, \u00e9 recomend\u00e1vel que o usu\u00e1rio e visitante revise-a com frequ\u00eancia;<\/span><\/li><li style=\"font-weight: 400;\" aria-level=\"1\"><span style=\"font-weight: 400;\">Altera\u00e7\u00f5es e esclarecimentos surtir\u00e3o efeitos imediatamente ap\u00f3s sua publica\u00e7\u00e3o na plataforma. Um aviso de revis\u00e3o dos termos dessa pol\u00edtica ser\u00e1 indicado em nosso site sempre que houver;<\/span><\/li><li style=\"font-weight: 400;\" aria-level=\"1\"><span style=\"font-weight: 400;\">Ao utilizar o servi\u00e7o ou fornecer informa\u00e7\u00f5es pessoais ap\u00f3s eventuais modifica\u00e7\u00f5es, o usu\u00e1rio e visitante demonstra sua concord\u00e2ncia com as novas normas.<\/span><\/li><\/ul>\t\t\t\t\t\t<\/div>\r\n\t\t\t\t<\/div>\r\n\t\t\t\t\t<\/div>\r\n\t\t\t\t<\/div>\r\n\t\t<div class=\"elementor-element elementor-element-69f7718 e-flex e-con-boxed wpr-particle-no wpr-jarallax-no wpr-parallax-no wpr-sticky-section-no e-con e-parent\" data-id=\"69f7718\" data-element_type=\"container\" data-core-v316-plus=\"true\">\r\n\t\t\t\t\t<div class=\"e-con-inner\">\r\n\t\t\t\t<div class=\"elementor-element elementor-element-080aa88 elementor-widget elementor-widget-heading\" data-id=\"080aa88\" data-element_type=\"widget\" data-widget_type=\"heading.default\">\r\n\t\t\t\t<div class=\"elementor-widget-container\">\r\n\t\t\t<h2 class=\"elementor-heading-title elementor-size-default\">SE\u00c7\u00c3O 12\u2013 JURISDI\u00c7\u00c3O PARA RESOLU\u00c7\u00c3O DE CONFLITOS\n<\/h2>\t\t<\/div>\r\n\t\t\t\t<\/div>\r\n\t\t\t\t\t<\/div>\r\n\t\t\t\t<\/div>\r\n\t\t<div class=\"elementor-element elementor-element-daf5b67 e-flex e-con-boxed wpr-particle-no wpr-jarallax-no wpr-parallax-no wpr-sticky-section-no e-con e-parent\" data-id=\"daf5b67\" data-element_type=\"container\" data-core-v316-plus=\"true\">\r\n\t\t\t\t\t<div class=\"e-con-inner\">\r\n\t\t\t\t<div class=\"elementor-element elementor-element-96ce616 elementor-widget elementor-widget-text-editor\" data-id=\"96ce616\" data-element_type=\"widget\" data-widget_type=\"text-editor.default\">\r\n\t\t\t\t<div class=\"elementor-widget-container\">\r\n\t\t\t\t\t\t\t<ul><li style=\"font-weight: 400;\" aria-level=\"1\"><span style=\"font-weight: 400;\">Para a solu\u00e7\u00e3o de controv\u00e9rsias decorrentes do presente instrumento ser\u00e1 aplicado integralmente o Direito brasileiro;<\/span><\/li><li style=\"font-weight: 400;\" aria-level=\"1\"><span style=\"font-weight: 400;\">Os eventuais lit\u00edgios dever\u00e3o ser apresentados no foro da comarca em que se encontra a sede da Empresa.<\/span><\/li><\/ul>\t\t\t\t\t\t<\/div>\r\n\t\t\t\t<\/div>\r\n\t\t\t\t\t<\/div>\r\n\t\t\t\t<\/div>\r\n\t\t\t\t<\/div>\r\n\t\t","protected":false},"excerpt":{"rendered":"<p>SE\u00c7\u00c3O 1 \u2013 INFORMA\u00c7\u00d5ES GERAIS Esta Pol\u00edtica de Privacidade aplica-se a todos os usu\u00e1rios e visitantes dos sites htts:\/\/wps.digital. A [&hellip;]<\/p>\n","protected":false},"author":1,"featured_media":0,"parent":0,"menu_order":0,"comment_status":"closed","ping_status":"open","template":"","meta":{"site-sidebar-layout":"default","site-content-layout":"","ast-site-content-layout":"","site-content-style":"default","site-sidebar-style":"default","ast-global-header-display":"","ast-banner-title-visibility":"","ast-main-header-display":"","ast-hfb-above-header-display":"","ast-hfb-below-header-display":"","ast-hfb-mobile-header-display":"","site-post-title":"","ast-breadcrumbs-content":"","ast-featured-img":"","footer-sml-layout":"","theme-transparent-header-meta":"","adv-header-id-meta":"","stick-header-meta":"","header-above-stick-meta":"","header-main-stick-meta":"","header-below-stick-meta":"","astra-migrate-meta-layouts":"default","ast-page-background-enabled":"default","ast-page-background-meta":{"desktop":{"background-color":"var(--ast-global-color-4)","background-image":"","background-repeat":"repeat","background-position":"center center","background-size":"auto","background-attachment":"scroll","background-type":"","background-media":"","overlay-type":"","overlay-color":"","overlay-gradient":""},"tablet":{"background-color":"","background-image":"","background-repeat":"repeat","background-position":"center center","background-size":"auto","background-attachment":"scroll","background-type":"","background-media":"","overlay-type":"","overlay-color":"","overlay-gradient":""},"mobile":{"background-color":"","background-image":"","background-repeat":"repeat","background-position":"center center","background-size":"auto","background-attachment":"scroll","background-type":"","background-media":"","overlay-type":"","overlay-color":"","overlay-gradient":""}},"ast-content-background-meta":{"desktop":{"background-color":"var(--ast-global-color-5)","background-image":"","background-repeat":"repeat","background-position":"center center","background-size":"auto","background-attachment":"scroll","background-type":"","background-media":"","overlay-type":"","overlay-color":"","overlay-gradient":""},"tablet":{"background-color":"var(--ast-global-color-5)","background-image":"","background-repeat":"repeat","background-position":"center center","background-size":"auto","background-attachment":"scroll","background-type":"","background-media":"","overlay-type":"","overlay-color":"","overlay-gradient":""},"mobile":{"background-color":"var(--ast-global-color-5)","background-image":"","background-repeat":"repeat","background-position":"center center","background-size":"auto","background-attachment":"scroll","background-type":"","background-media":"","overlay-type":"","overlay-color":"","overlay-gradient":""}},"footnotes":""},"class_list":["post-3","page","type-page","status-publish","hentry"],"_links":{"self":[{"href":"https:\/\/wps.agencianuzzine.com\/index.php?rest_route=\/wp\/v2\/pages\/3","targetHints":{"allow":["GET"]}}],"collection":[{"href":"https:\/\/wps.agencianuzzine.com\/index.php?rest_route=\/wp\/v2\/pages"}],"about":[{"href":"https:\/\/wps.agencianuzzine.com\/index.php?rest_route=\/wp\/v2\/types\/page"}],"author":[{"embeddable":true,"href":"https:\/\/wps.agencianuzzine.com\/index.php?rest_route=\/wp\/v2\/users\/1"}],"replies":[{"embeddable":true,"href":"https:\/\/wps.agencianuzzine.com\/index.php?rest_route=%2Fwp%2Fv2%2Fcomments&post=3"}],"version-history":[{"count":13,"href":"https:\/\/wps.agencianuzzine.com\/index.php?rest_route=\/wp\/v2\/pages\/3\/revisions"}],"predecessor-version":[{"id":2128,"href":"https:\/\/wps.agencianuzzine.com\/index.php?rest_route=\/wp\/v2\/pages\/3\/revisions\/2128"}],"wp:attachment":[{"href":"https:\/\/wps.agencianuzzine.com\/index.php?rest_route=%2Fwp%2Fv2%2Fmedia&parent=3"}],"curies":[{"name":"wp","href":"https:\/\/api.w.org\/{rel}","templated":true}]}}